{"id":9,"date":"2016-06-03T00:14:43","date_gmt":"2016-06-02T22:14:43","guid":{"rendered":"http:\/\/www.lmp.wmie.uz.zgora.pl\/?page_id=9"},"modified":"2018-05-21T22:00:13","modified_gmt":"2018-05-21T20:00:13","slug":"media-o-nas","status":"publish","type":"page","link":"http:\/\/www.lmp.wmie.uz.zgora.pl\/?page_id=9","title":{"rendered":"Media o nas"},"content":{"rendered":"<h2 style=\"text-align: center;\"><\/h2>\n<hr \/>\n<h2>\u00ad<\/h2>\n<p>&nbsp;<\/p>\n<h2 style=\"text-align: center;\"><a href=\"http:\/\/miesiecznik.uz.zgora.pl\/wydawnictwo\/miesiecznikUZ.html\">Miesi\u0119cznik Uniwersytetu Zielonog\u00f3rskiego<\/a><\/h2>\n<p>&nbsp;<\/p>\n<hr \/>\n<h2 style=\"text-align: center;\">Tak media pisz\u0105 o Zielonog\u00f3rskiej Nocy Matematyki na UZ<\/h2>\n<h3>1. <a href=\"https:\/\/www.youtube.com\/watch?v=jGIJqmVQUy4\" target=\"_blank\" rel=\"noopener\"><span style=\"text-decoration: underline;\">Zielonog\u00f3rska Noc Matematyki na UZ &#8211;\u00a0Uniwersytet Zielonog\u00f3rski Telewizja UZ<\/span><\/a><\/h3>\n<h3>2.\u00a0<a href=\"http:\/\/www.zsnowemiasteczko.pl\/content\/zielonog%C3%B3rskiej-nocy-matematyki-na-uz\" target=\"_blank\" rel=\"noopener\"><span style=\"text-decoration: underline;\">Zielonog\u00f3rska Noc Matematyki na UZ &#8211; Nowe Miasteczko<\/span><\/a><\/h3>\n<h3>3.\u00a0<a href=\"http:\/\/zsotyn.pl\/index.php\/710-zielonogorska-noc-matematyki-na-uz\" target=\"_blank\" rel=\"noopener\"><span style=\"text-decoration: underline;\">Zielonog\u00f3rska Noc Matematyki na UZ\u00a0&#8211; Oty\u0144<\/span><\/a><\/h3>\n<h3 style=\"text-align: left;\">4. <span style=\"text-decoration: underline;\"><a href=\"http:\/\/archiwum.zachod.pl\/radio-zachod\/audycje\/popoludniowkarz\/matematyka-w-nowej-odslonie-na-wesolo-z-warsztatami-i-pokazami\/\" target=\"_blank\" rel=\"noopener\">Matematyka w nowej ods\u0142onie \u2013 na weso\u0142o, z warsztatami i pokazami<\/a><\/span><\/h3>\n<h3 style=\"text-align: left;\">5.\u00a0<span style=\"text-decoration: underline;\"><a href=\"http:\/\/archiwum.rzg.pl\/radio-zielona-gora\/wiadomosci\/matematyka-wcale-nie-taka-straszna\/\" target=\"_blank\" rel=\"noopener\">Matematyka wcale nie taka straszna \u2013 Radio Zielona G\u00f3ra 97,1 fm<\/a><\/span><\/h3>\n<h3 style=\"text-align: left;\">6. <span style=\"text-decoration: underline;\"><a href=\"http:\/\/www.newslubuski.pl\/wydarzenia\/item\/1897-dzis-zielonogorska-noc-matematyki\" target=\"_blank\" rel=\"noopener\">Zielonog\u00f3rska noc Matematyki<\/a><\/span><\/h3>\n<h3>7. <span style=\"text-decoration: underline;\"><a href=\"http:\/\/www.wzielonej.pl\/informacje\/uczelnia\/matma-wieczorowa-pora-uz\/\" target=\"_blank\" rel=\"noopener\">Matma wieczorow\u0105 por\u0105 na UZ.<\/a><\/span><\/h3>\n<h3>8. <a href=\"https:\/\/www.wzielonej.pl\/informacje\/uczelnia\/trudne-dzialania-istnieja-paradoksalnie-prosta-matma-ze-studentami-uz\/\">Trudne dzia\u0142ania nie istniej\u0105. Paradoksalnie trudna matma ze studentami UZ<\/a><\/h3>\n<p>&nbsp;<\/p>\n<h2>\u00ad<\/h2>\n<p>\u00ad<\/p>\n<hr \/>\n<h2><\/h2>\n<h2 style=\"text-align: center;\">\u00a0\u00ad<a href=\"http:\/\/www.infoserwis.uz.zgora.pl\/index.php?laury-naukowca-rozdane\">Gala Laur Naukowca 2018<\/a><\/h2>\n<p>&nbsp;<\/p>\n<h2>\u00ad<\/h2>\n<hr \/>\n<h2>\u00a0\u00ad<\/h2>\n<h2 style=\"text-align: center;\">\u00a0<span style=\"text-decoration: underline;\"><a href=\"http:\/\/www.infoserwis.uz.zgora.pl\/index.php?studenci-koa-naukowego-laboratorium-matematyczne-paradoks-z-uz-na-ogolnopolskim-dniu-popularyzacji-matematyki-w-warszawie\" target=\"_blank\" rel=\"noopener\">III Dzie\u0144 Popularyzacji Matematyki<\/a><\/span><\/h2>\n<p>&nbsp;<\/p>\n<hr \/>\n<h2>\u00a0\u00ad<\/h2>\n<h2 style=\"text-align: center;\"><span style=\"text-decoration: underline;\"><a href=\"https:\/\/www.wzielonej.pl\/informacje\/uczelnia\/krolowa-nauk-daje-zabawe-prace-pieniadze-o-niej-marcu-wydziale-matematyki\/\" target=\"_blank\" rel=\"noopener\">Dzie\u0144 Otwarty na WMIiE UZ<\/a><\/span><\/h2>\n<p>&nbsp;<\/p>\n<hr \/>\n<h2 style=\"text-align: center;\">\u00a0\u00adReporta\u017c w telewizji UZ<\/h2>\n<p><iframe loading=\"lazy\" title=\"Laboratorium &quot;Matematyczne&quot; Paradoks\" width=\"910\" height=\"512\" src=\"https:\/\/www.youtube.com\/embed\/Ot1crHFeMu8?feature=oembed\" frameborder=\"0\" allow=\"accelerometer; autoplay; encrypted-media; gyroscope; picture-in-picture\" allowfullscreen><\/iframe><\/p>\n<h2 style=\"text-align: center;\">\u00ad<\/h2>\n<p>&nbsp;<\/p>\n<hr \/>\n<h2>\u00ad<\/h2>\n<h2>\u00ad<\/h2>\n<h2>\u00a0\u00ad<\/h2>\n<h2 style=\"text-align: center;\">\u00a0<a href=\"http:\/\/zielonagora.naszemiasto.pl\/plebiscyt\/karta\/kolo-naukowe-laboratorium-matematyczne-paradoks-w-pogoni-za-wiedza,33973,1554857,t,id,kid.html\">Konkurs &#8222;Laur naukowca Uniwersytetu Zielonog\u00f3rskiego&#8221;<\/a><\/h2>\n<p><a href=\"http:\/\/www.lmp.wmie.uz.zgora.pl\/wp-content\/uploads\/2016\/06\/uz-1.jpg\"><img decoding=\"async\" loading=\"lazy\" class=\"aligncenter size-full wp-image-11\" src=\"http:\/\/www.lmp.wmie.uz.zgora.pl\/wp-content\/uploads\/2016\/06\/uz-1.jpg\" alt=\"uz\" width=\"770\" height=\"577\" srcset=\"http:\/\/www.lmp.wmie.uz.zgora.pl\/wp-content\/uploads\/2016\/06\/uz-1.jpg 770w, http:\/\/www.lmp.wmie.uz.zgora.pl\/wp-content\/uploads\/2016\/06\/uz-1-300x225.jpg 300w, http:\/\/www.lmp.wmie.uz.zgora.pl\/wp-content\/uploads\/2016\/06\/uz-1-768x576.jpg 768w\" sizes=\"(max-width: 770px) 100vw, 770px\" \/><\/a><\/p>\n<h3 style=\"text-align: center;\"><\/h3>\n","protected":false},"excerpt":{"rendered":"<p>\u00ad &nbsp; Miesi\u0119cznik Uniwersytetu Zielonog\u00f3rskiego &nbsp; Tak media pisz\u0105 o Zielonog\u00f3rskiej Nocy Matematyki na UZ 1. Zielonog\u00f3rska Noc Matematyki na<\/p>\n","protected":false},"author":2,"featured_media":192,"parent":0,"menu_order":0,"comment_status":"closed","ping_status":"closed","template":"","meta":[],"_links":{"self":[{"href":"http:\/\/www.lmp.wmie.uz.zgora.pl\/index.php?rest_route=\/wp\/v2\/pages\/9"}],"collection":[{"href":"http:\/\/www.lmp.wmie.uz.zgora.pl\/index.php?rest_route=\/wp\/v2\/pages"}],"about":[{"href":"http:\/\/www.lmp.wmie.uz.zgora.pl\/index.php?rest_route=\/wp\/v2\/types\/page"}],"author":[{"embeddable":true,"href":"http:\/\/www.lmp.wmie.uz.zgora.pl\/index.php?rest_route=\/wp\/v2\/users\/2"}],"replies":[{"embeddable":true,"href":"http:\/\/www.lmp.wmie.uz.zgora.pl\/index.php?rest_route=%2Fwp%2Fv2%2Fcomments&post=9"}],"version-history":[{"count":57,"href":"http:\/\/www.lmp.wmie.uz.zgora.pl\/index.php?rest_route=\/wp\/v2\/pages\/9\/revisions"}],"predecessor-version":[{"id":1063,"href":"http:\/\/www.lmp.wmie.uz.zgora.pl\/index.php?rest_route=\/wp\/v2\/pages\/9\/revisions\/1063"}],"wp:featuredmedia":[{"embeddable":true,"href":"http:\/\/www.lmp.wmie.uz.zgora.pl\/index.php?rest_route=\/wp\/v2\/media\/192"}],"wp:attachment":[{"href":"http:\/\/www.lmp.wmie.uz.zgora.pl\/index.php?rest_route=%2Fwp%2Fv2%2Fmedia&parent=9"}],"curies":[{"name":"wp","href":"https:\/\/api.w.org\/{rel}","templated":true}]}}